{"id":2794991000,"date":"2025-10-29T14:31:32","date_gmt":"2025-10-29T14:31:32","guid":{"rendered":"https:\/\/paltinul.ro\/?post_type=property&#038;p=2794991000"},"modified":"2026-04-28T17:01:26","modified_gmt":"2026-04-28T15:01:26","slug":"spatiu-birouri-150-mp-zona-verde-calea-poplaciisibiu-cp2794991","status":"publish","type":"property","link":"https:\/\/paltinul.ro\/en\/property\/spatiu-birouri-150-mp-zona-verde-calea-poplaciisibiu-cp2794991\/","title":{"rendered":"Spa\u021biu birouri 150 mp \u2013 zon\u0103 verde Calea Poplacii,Sibiu"},"content":{"rendered":"<p>Se ofer\u0103 spre \u00eenchiriere un nivel complet (aprox. 150 mp utili) dintr-o cl\u0103dire modern\u0103 tip vil\u0103, situat\u0103 \u00eentr-o zon\u0103 lini\u0219tit\u0103 \u0219i verde din cartierul Calea Poplacii, Sibiu. Spa\u021biul este ideal pentru firme  sau activit\u0103\u021bi corporate care doresc un mediu de lucru elegant, eficient \u0219i bine conectat.<\/p>\n<p>Nivelul se compune dintr-un open-space generos, compartimentabil, completat de:<br \/>\ngrup sanitar propriu<br \/>\nchicinet\u0103 func\u021bional\u0103<br \/>\nferestre mari \u0219i lumin\u0103 natural\u0103 abundent\u0103<br \/>\nacces la infrastructur\u0103 IT prin fibr\u0103 optic\u0103<\/p>\n<p>Imobilul este echipat cu:<br \/>\npanouri fotovoltaice \u2013 consum propriu de energie electric\u0103<br \/>\npanouri solare \u2013 ap\u0103 cald\u0103 sustenabil\u0103<br \/>\n\u00eenc\u0103lzire pe gaz + climatizare performant\u0103<br \/>\nlocuri de parcare \u00een curtea privat\u0103<br \/>\ngr\u0103din\u0103 amenajat\u0103 cu zon\u0103 de relaxare, BBQ \u0219i foi\u0219or<\/p>\n<p>Acces facil pentru angaja\u021bi \u0219i clien\u021bi \u2013 pozi\u021bie strategic\u0103 aproape de centru, Aeroportul Interna\u021bional Sibiu, Zona Industrial\u0103 Vest \u0219i autostrad\u0103.<\/p>\n<p>Spa\u021biul se preteaz\u0103 at\u00e2t pentru firme aflate \u00een expansiune, c\u00e2t \u0219i pentru companii care doresc s\u0103 ofere echipei un spa\u021biu de lucru cu identitate, confort \u0219i imagine premium.<\/p>\n<p>Se \u00eenchiriaz\u0103 de la persoan\u0103 fizic\u0103 (f\u0103r\u0103 TVA). Disponibil imediat. Poate fi combinat cu alte niveluri din cl\u0103dire, dac\u0103 este necesar mai mult spa\u021biu.<\/p>\n<p>Paltinul Imobiliare \u2013 23 de ani de \u00eencredere pe pia\u021ba imobiliar\u0103 sibian\u0103.<br \/>\nSelect\u0103m propriet\u0103\u021bi cu poten\u021bial real \u0219i le punem \u00een valoare.<br \/>\nContacta\u021bi-ne pentru mai multe detalii sau pentru programarea unei vizion\u0103ri!<\/p>","protected":false},"excerpt":{"rendered":"<p>Se ofer\u0103 spre \u00eenchiriere un nivel complet (aprox. 150 mp utili) dintr-o cl\u0103dire modern\u0103 tip vil\u0103, situat\u0103 \u00eentr-o zon\u0103 lini\u0219tit\u0103 \u0219i verde din cartierul Calea Poplacii, Sibiu. Spa\u021biul este ideal pentru firme sau activit\u0103\u021bi corporate care doresc un mediu de lucru elegant, eficient \u0219i bine conectat. Nivelul se compune dintr-un open-space generos, compartimentabil, completat de: [&hellip;]<\/p>\n","protected":false},"author":1,"featured_media":100000000080446,"parent":0,"menu_order":0,"comment_status":"closed","ping_status":"closed","template":"","property-types":[50],"property-statuses":[25],"property-cities":[12925],"property-features":[12889,12955,12890],"tip_tranzactie":[],"property_type":[],"destinatie":[],"class_list":["post-2794991000","property","type-property","status-publish","has-post-thumbnail","hentry","property-oras-sibiu","property-type-spatiu-birouri","property-status-de-inchiriat","property-city-calea-poplacii","property-feature-internet","property-feature-itc","property-feature-telefon"],"acf":[],"_links":{"self":[{"href":"https:\/\/paltinul.ro\/en\/wp-json\/wp\/v2\/properties\/2794991000","targetHints":{"allow":["GET"]}}],"collection":[{"href":"https:\/\/paltinul.ro\/en\/wp-json\/wp\/v2\/properties"}],"about":[{"href":"https:\/\/paltinul.ro\/en\/wp-json\/wp\/v2\/types\/property"}],"author":[{"embeddable":true,"href":"https:\/\/paltinul.ro\/en\/wp-json\/wp\/v2\/users\/1"}],"replies":[{"embeddable":true,"href":"https:\/\/paltinul.ro\/en\/wp-json\/wp\/v2\/comments?post=2794991000"}],"version-history":[{"count":362,"href":"https:\/\/paltinul.ro\/en\/wp-json\/wp\/v2\/properties\/2794991000\/revisions"}],"predecessor-version":[{"id":100000000250357,"href":"https:\/\/paltinul.ro\/en\/wp-json\/wp\/v2\/properties\/2794991000\/revisions\/100000000250357"}],"wp:featuredmedia":[{"embeddable":true,"href":"https:\/\/paltinul.ro\/en\/wp-json\/wp\/v2\/media\/100000000080446"}],"wp:attachment":[{"href":"https:\/\/paltinul.ro\/en\/wp-json\/wp\/v2\/media?parent=2794991000"}],"wp:term":[{"taxonomy":"property-type","embeddable":true,"href":"https:\/\/paltinul.ro\/en\/wp-json\/wp\/v2\/property-types?post=2794991000"},{"taxonomy":"property-status","embeddable":true,"href":"https:\/\/paltinul.ro\/en\/wp-json\/wp\/v2\/property-statuses?post=2794991000"},{"taxonomy":"property-city","embeddable":true,"href":"https:\/\/paltinul.ro\/en\/wp-json\/wp\/v2\/property-cities?post=2794991000"},{"taxonomy":"property-feature","embeddable":true,"href":"https:\/\/paltinul.ro\/en\/wp-json\/wp\/v2\/property-features?post=2794991000"},{"taxonomy":"tip_tranzactie","embeddable":true,"href":"https:\/\/paltinul.ro\/en\/wp-json\/wp\/v2\/tip_tranzactie?post=2794991000"},{"taxonomy":"property_type","embeddable":true,"href":"https:\/\/paltinul.ro\/en\/wp-json\/wp\/v2\/property_type?post=2794991000"},{"taxonomy":"destinatie","embeddable":true,"href":"https:\/\/paltinul.ro\/en\/wp-json\/wp\/v2\/destinatie?post=2794991000"}],"curies":[{"name":"wp","href":"https:\/\/api.w.org\/{rel}","templated":true}]}}